{"id":1048,"date":"2023-06-28T16:24:51","date_gmt":"2023-06-28T16:24:51","guid":{"rendered":"https:\/\/marketingdigitalprofesional.com\/?page_id=1048"},"modified":"2023-09-25T00:39:34","modified_gmt":"2023-09-25T00:39:34","slug":"politica-de-privacidad","status":"publish","type":"page","link":"https:\/\/marketingdigitalprofesional.com\/?page_id=1048","title":{"rendered":"Aviso Legal y T\u00e9rminos de uso del sitio"},"content":{"rendered":"<p>[et_pb_section fb_built=&#8221;1&#8243; _builder_version=&#8221;4.4.2&#8243;][et_pb_row _builder_version=&#8221;4.4.2&#8243;][et_pb_column _builder_version=&#8221;4.4.2&#8243; type=&#8221;4_4&#8243;][et_pb_text _builder_version=&#8221;4.4.2&#8243; hover_enabled=&#8221;0&#8243;]<\/p>\n<header class=\"entry-header ast-no-thumbnail\">\n<h1 class=\"entry-title\" itemprop=\"headline\">Aviso Legal y T\u00e9rminos de uso del sitio<\/h1>\n<\/header>\n<div class=\"entry-content clear\" itemprop=\"text\">\n<h3>1. AVISO LEGAL Y T\u00c9RMINOS DE USO<\/h3>\n<p><strong>1.1. DATOS IDENTIFICATIVOS DEL RESPONSABLE<\/strong><br \/> Tal y como recoge la normativa vigente, le informo que:<\/p>\n<ul>\n<li>Mi denominaci\u00f3n social es: Guillermo Alejandro Dequelli<\/li>\n<li>Mi domicilio social se encuentra en Urquiza 843, Rosario, Santa Fe, Argentina.<\/li>\n<li>Email: contacto@marketingdigital.com<\/li>\n<\/ul>\n<p><strong>1.2. FINALIDAD DE LA P\u00c1GINA WEB.<\/strong><br \/> Los servicios prestados por el responsable de la p\u00e1gina web son los siguientes:<\/p>\n<ul>\n<li>La venta de formaci\u00f3n y servicios sobre negocios online.<\/li>\n<li>La venta de Ebooks y Cursos online.<\/li>\n<li>Gestionar la lista de suscriptores y usuarios adscritos a la web.<\/li>\n<li>Suministro de contenidos en el blog.<\/li>\n<li>Dirigir su red de afiliados y comerciantes as\u00ed como la gesti\u00f3n de pagos de los mismos.<\/li>\n<\/ul>\n<p><strong>1.3. USUARIOS:<\/strong><br \/> El acceso y\/o uso de este sitio web atribuye la condici\u00f3n de USUARIO, que acepta, desde dicho acceso y\/o uso, los presentes t\u00e9rminos de uso, no obstante, por el mero uso de la p\u00e1gina web no significa el inicio de relaci\u00f3n laboral\/comercial alguna.<\/p>\n<p><strong>1.4. USO DEL SITIO WEB Y CAPTURA DE INFORMACI\u00d3N:<\/strong><\/p>\n<p><strong>1.4.1 USO DEL SITIO WEB<\/strong><\/p>\n<p>La p\u00e1gina web https:\/\/marketingdigitalprofesional.com\/ en adelante (LA WEB) proporciona el acceso a art\u00edculos, informaciones, servicios y datos (en adelante, \u201clos contenidos\u201d) propiedad de GUILLERMO ALEJANDRO DEQUELLI asume la responsabilidad del uso de la web.<\/p>\n<p>El USUARIO se compromete a hacer un uso adecuado de los contenidos que ofrece a trav\u00e9s de su web y con car\u00e1cter enunciativo pero no limitativo, a no emplearlos para:<\/p>\n<p>(a) incurrir en actividades il\u00edcitas, ilegales o contrarias a la buena fe y al orden p\u00fablico;<br \/> (b) difundir contenidos o propaganda de car\u00e1cter racista, xen\u00f3fobo, pornogr\u00e1fico-ilegal, de apolog\u00eda del terrorismo o atentatorio contra los derechos humanos;<br \/> (c) provocar da\u00f1os en los sistemas f\u00edsicos y l\u00f3gicos de la web, de sus proveedores o de terceras personas, introducir o difundir en la red virus inform\u00e1ticos o cualesquiera otros sistemas f\u00edsicos o l\u00f3gicos que sean susceptibles de provocar los da\u00f1os anteriormente mencionados;<br \/> (d) intentar acceder y, en su caso, utilizar las cuentas de correo electr\u00f3nico de otros usuarios y modificar o manipular sus mensajes.<\/p>\n<p>GUILLERMO ALEJANDRO DEQUELLI se reserva el derecho de retirar todos aquellos comentarios y aportaciones que vulneren el respeto a la dignidad de la persona, que sean discriminatorios, xen\u00f3fobos, racistas, pornogr\u00e1ficos, que atenten contra la juventud o la infancia, el orden o la seguridad p\u00fablica o que, a su juicio, no resultaran adecuados para su publicaci\u00f3n.<\/p>\n<p>En cualquier caso, GUILLERMO ALEJANDRO DEQUELLI no ser\u00e1 responsable de las opiniones vertidas por los usuarios a trav\u00e9s del blog u otras herramientas de participaci\u00f3n que puedan crearse, conforme a lo previsto en la normativa de aplicaci\u00f3n.<\/p>\n<p><strong>1.4.2 CAPTURA DE INFORMACI\u00d3N<\/strong><\/p>\n<ul>\n<li>Formulario de contacto, donde el USUARIO deber\u00e1 rellenar el campo de correo electr\u00f3nico, asunto y nombre.<\/li>\n<li>Formulario de suscripci\u00f3n, rellenando el USUARIO los campos necesarios para la suscripci\u00f3n a la web con los campos de nombre, y email<\/li>\n<li>Formulario de venta, rellenando el USUARIO los campos necesarios para la venta con los campos de nombre, email, direcci\u00f3n y DNI.<\/li>\n<li><strong>Cookies de rastreo, conforme a las siguientes reglas<\/strong>\n<ul>\n<li>Navegaci\u00f3n y Direcci\u00f3n IP: Al navegar por esta web, el usuario facilita de forma autom\u00e1tica al servidor de la web informaci\u00f3n relativa a tu direcci\u00f3n IP, fecha y hora de acceso, el hiperv\u00ednculo que le ha reenviado a \u00e9stas, tu sistema operativo y el navegador utilizado.<\/li>\n<li>A pesar de lo anterior, los usuarios podr\u00e1n darse de baja en cualquier momento de los servicios prestados por GUILLERMO ALEJANDRO DEQUELLI o datos aportados por el USUARIO dando cumplimiento a la normativa vigente sobre Protecci\u00f3n de Datos. Asimismo, tanto al suscribirse a esta p\u00e1gina web, como al realizar alg\u00fan comentario o realizar una compra en cualquiera de sus p\u00e1ginas y\/o entradas, el usuario consiente:<\/li>\n<\/ul>\n<\/li>\n<\/ul>\n<p>El tratamiento de sus datos personales en el entorno de WordPress conforme a sus pol\u00edticas de privacidad.<br \/> El acceso de GUILLERMO ALEJANDRO DEQUELLI a los datos que, de acuerdo con la infraestructura de WordPress, necesite el usuario aportar bien para la suscripci\u00f3n a la web bien para cualquier consulta mediante el formulario de contacto.<br \/> Asimismo, informamos que la informaci\u00f3n de nuestros usuarios est\u00e1 protegida de acuerdo a nuestra POLITICA DE PRIVACIDAD.<\/p>\n<p>Al activar una suscripci\u00f3n, formulario de contacto o comentario, el usuario comprende y acepta que:<\/p>\n<p>Desde el momento en que efect\u00faa su suscripci\u00f3n o accedes a alg\u00fan servicio de pago, GUILLERMO ALEJANDRO DEQUELLI tiene acceso<\/p>\n<p>a: Nombre, y email, o dem\u00e1s datos necesarios conformando un fichero con el nombre de \u201cUSUARIOS DE LA WEB Y SUSCRIPTORES\u201d o en el caso de realizar alguna compra, ser\u00e1 suscrito al fichero de \u201cCLIENTES Y\/O PROVEEDORES\u201d teniendo acceso a datos de nombre, apellidos, email, dni y domicilio completo.<\/p>\n<p>En todo caso GUILLERMO ALEJANDRO DEQUELLI se reserva el derecho de modificar, en cualquier momento y sin necesidad de previo aviso, la presentaci\u00f3n y configuraci\u00f3n de la web https:\/\/marketingdigitalprofesional.com\/ como el presente aviso legal.<\/p>\n<h3><strong>2. PROPIEDAD INTELECTUAL E INDUSTRIAL:<\/strong><\/h3>\n<p>GUILLERMO ALEJANDRO DEQUELLI por s\u00ed o como cesionario, es titular de todos los derechos de propiedad intelectual e industrial de su p\u00e1gina web, as\u00ed como de los elementos contenidos en la misma (a t\u00edtulo enunciativo, im\u00e1genes, sonido, audio, v\u00eddeo, software o textos; marcas o logotipos, combinaciones de colores, estructura y dise\u00f1o, selecci\u00f3n de materiales usados, programas de ordenador necesarios para su funcionamiento, acceso y uso, etc.), titularidad de GUILLERMO ALEJANDRO DEQUELLI o bien de sus licenciantes. Todos los derechos reservados.<\/p>\n<p>Cualquier uso no autorizado previamente por GUILLERMO ALEJANDRO DEQUELLI ser\u00e1 considerado un incumplimiento grave de los derechos de propiedad intelectual o industrial del autor.<\/p>\n<p>Quedan expresamente prohibidas la reproducci\u00f3n, la distribuci\u00f3n y la comunicaci\u00f3n p\u00fablica, incluida su modalidad de puesta a disposici\u00f3n, de la totalidad o parte de los contenidos de esta p\u00e1gina web, con fines comerciales, en cualquier soporte y por cualquier medio t\u00e9cnico, sin la autorizaci\u00f3n de GUILLERMO ALEJANDRO DEQUELLI.<\/p>\n<p>El USUARIO se compromete a respetar los derechos de Propiedad Intelectual e Industrial titularidad de GUILLERMO ALEJANDRO DEQUELLI. Podr\u00e1 visualizar \u00fanicamente los elementos de la web sin posibilidad de imprimirlos, copiarlos o almacenarlos en el disco duro de su ordenador o en cualquier otro soporte f\u00edsico. El USUARIO deber\u00e1 abstenerse de suprimir, alterar, eludir o manipular cualquier dispositivo de protecci\u00f3n o sistema de seguridad que estuviera instalado en las p\u00e1ginas de GUILLERMO ALEJANDRO DEQUELLI.<\/p>\n<p>Queda terminantemente prohibido compartir la licencia para uso con m\u00e1s personas, cada licencia es personal e intransferible reserv\u00e1ndonos cuantas acciones civiles y penales nos asistan en aras de salvaguardar nuestros derechos, todo ello bajo apercibimiento de incurrir en un delito contra la propiedad intelectual.<\/p>\n<p>&nbsp;<\/p>\n<p>&nbsp;<\/p>\n<h3>3. EXCLUSI\u00d3N DE GARANT\u00cdAS Y RESPONSABILIDAD<\/h3>\n<p>GUILLERMO ALEJANDRO DEQUELLI no se hace responsable, en ning\u00fan caso, de los da\u00f1os y perjuicios de cualquier naturaleza que pudieran ocasionar, a t\u00edtulo enunciativo: por errores u omisiones en los contenidos, por falta de disponibilidad del sitio web, \u2013 el cual realizar\u00e1 paradas peri\u00f3dicas por mantenimientos t\u00e9cnicos \u2013 as\u00ed como por la transmisi\u00f3n de virus o programas maliciosos o lesivos en los contenidos, a pesar de haber adoptado todas las medidas tecnol\u00f3gicas necesarias para evitarlo.<\/p>\n<h3>4. MODIFICACIONES<\/h3>\n<p>GUILLERMO ALEJANDRO DEQUELLI se reserva el derecho de efectuar sin previo aviso las modificaciones que considere oportunas en su web, pudiendo cambiar, suprimir o a\u00f1adir tanto los contenidos y servicios que se presten a trav\u00e9s de la misma como la forma en la que \u00e9stos aparezcan presentados o localizados en su web.<\/p>\n<h3>5. POL\u00cdTICA DE ENLACES<\/h3>\n<p>Las personas o entidades que pretendan realizar o realicen un hiperenlace desde una p\u00e1gina web de otro portal de Internet a la web de GUILLERMO ALEJANDRO DEQUELLI deber\u00e1 someterse las siguientes condiciones:<\/p>\n<ul>\n<li>No se permite la reproducci\u00f3n total o parcial de ninguno de los servicios ni contenidos del sitio web sin la previa autorizaci\u00f3n expresa de GUILLERMO ALEJANDRO DEQUELLI.<\/li>\n<li>No se establecer\u00e1n deep-links ni enlaces IMG o de imagen, ni frames con la web de\u00a0GUILLERMO ALEJANDRO DEQUELLI sin su previa autorizaci\u00f3n expresa.<\/li>\n<li>No se establecer\u00e1 ninguna manifestaci\u00f3n falsa, inexacta o incorrecta sobre la web de GUILLERMO ALEJANDRO DEQUELLI, ni sobre los servicios o contenidos de la misma. Salvo aquellos signos que formen parte del hiperv\u00ednculo, la p\u00e1gina web en la que se establezca no contendr\u00e1 ninguna marca, nombre comercial, r\u00f3tulo de establecimiento, denominaci\u00f3n, logotipo, eslogan u otros signos distintivos pertenecientes a GUILLERMO ALEJANDRO DEQUELLI, salvo autorizaci\u00f3n expresa de \u00e9ste.<\/li>\n<li>El establecimiento del hiperv\u00ednculo no implicar\u00e1 la existencia de relaciones entre\u00a0GUILLERMO ALEJANDRO DEQUELLI y el titular de la p\u00e1gina web o del portal desde el cual se realice, ni el conocimiento y aceptaci\u00f3n de\u00a0GUILLERMO ALEJANDRO DEQUELLI de los servicios y contenidos ofrecidos en dicha p\u00e1gina web o portal.<\/li>\n<li>GUILLERMO ALEJANDRO DEQUELLI\u00a0no ser\u00e1 responsable de los contenidos o servicios puestos a disposici\u00f3n del p\u00fablico en la p\u00e1gina web o portal desde el cual se realice el hiperv\u00ednculo, ni de las informaciones y manifestaciones incluidas en los mismos.<\/li>\n<li>El sitio web de\u00a0GUILLERMO ALEJANDRO DEQUELLI puede poner a disposici\u00f3n del usuario conexiones y enlaces a otros sitios web gestionados y controlados por terceros. Dichos enlaces tienen como exclusiva funci\u00f3n, la de facilitar a los usuarios la b\u00fasqueda de informaci\u00f3n, contenidos y servicios en Internet, sin que en ning\u00fan caso pueda considerarse una sugerencia, recomendaci\u00f3n o invitaci\u00f3n para la visita de los mismos.<\/li>\n<li>GUILLERMO ALEJANDRO DEQUELLI\u00a0no comercializa, ni dirige, ni controla previamente, ni hace propios los contenidos, servicios, informaciones y manifestaciones disponibles en dichos sitios web.<\/li>\n<li>GUILLERMO ALEJANDRO DEQUELLI\u00a0no asume ning\u00fan tipo de responsabilidad, ni siquiera de forma indirecta o subsidiaria, por los da\u00f1os y perjuicios de toda clase que pudieran derivarse del acceso, mantenimiento, uso, calidad, licitud, fiabilidad y utilidad de los contenidos, informaciones, comunicaciones, opiniones, manifestaciones, productos y servicios existentes u ofrecidos en los sitios web no gestionados por\u00a0GUILLERMO ALEJANDRO DEQUELLI y que resulten accesibles a trav\u00e9s de GUILLERMO ALEJANDRO DEQUELLI.<\/li>\n<\/ul>\n<h3>6. DERECHO DE EXCLUSI\u00d3N<\/h3>\n<p>GUILLERMO ALEJANDRO DEQUELLI\u00a0se reserva el derecho a denegar o retirar el acceso al portal y\/o los servicios ofrecidos sin necesidad de preaviso, a instancia propia o de un tercero, a aquellos usuarios que incumplan las presentes Condiciones Generales de Uso.<\/p>\n<h3>7. GENERALIDADES<\/h3>\n<p>GUILLERMO ALEJANDRO DEQUELLI\u00a0perseguir\u00e1 el incumplimiento de las presentes condiciones as\u00ed como cualquier utilizaci\u00f3n indebida de su web ejerciendo todas las acciones civiles y penales que le puedan corresponder en derecho.<\/p>\n<h3>8. MODIFICACI\u00d3N DE LAS PRESENTES CONDICIONES Y DURACI\u00d3N<\/h3>\n<p>GUILLERMO ALEJANDRO DEQUELLI\u00a0podr\u00e1 modificar en cualquier momento las condiciones aqu\u00ed determinadas, siendo debidamente publicadas como aqu\u00ed aparecen. La vigencia de las citadas condiciones ir\u00e1 en funci\u00f3n de su exposici\u00f3n y estar\u00e1n vigentes hasta que sean modificadas por otras debidamente publicadas.<\/p>\n<h3>9. RECLAMACIONES Y DUDAS<\/h3>\n<p>GUILLERMO ALEJANDRO DEQUELLI\u00a0informa que existen hojas de reclamaci\u00f3n a disposici\u00f3n de usuarios y clientes pudiendo remitir un correo a contacto@marketingdigital.com indicando sus nombrse y apellidos, el servicio o producto adquirido y exponiendo los motivos de su reclamaci\u00f3n.<br \/> Tambi\u00e9n puede dirigir su reclamaci\u00f3n por correo postal dirigido a: GUILLERMO ALEJANDRO DEQUELLI, Urquiza 843, Rosario, Santa Fe, Argentina.<\/p>\n<h3>10. CONDICIONES DE VENTA<\/h3>\n<p>Las presentes condiciones generales tienen por objeto regular expresamente las condiciones aplicables a los procesos de contrataci\u00f3n llevados a cabo por los usuarios \u201cCliente\u201d de los cursos online ofrecido por parte de\u00a0GUILLERMO ALEJANDRO DEQUELLI a trav\u00e9s de su sitio web.<\/p>\n<p>Estas condiciones permanecer\u00e1n en vigor y ser\u00e1n validad durante todo el tiempo que est\u00e9n accesible a trav\u00e9s del sitio web, todo ello sin perjuicio de que GUILLERMO ALEJANDRO DEQUELLII se reserva el derecho a modificar, sin previo aviso, las condiciones generales as\u00ed como cualquiera de los textos legales que se encuentren en dicho sitio web. En todo caso, el acceso a la Web tras su modificaci\u00f3n, inclusi\u00f3n y\/o sustituci\u00f3n, implica la aceptaci\u00f3n de los mismos por parte del usuario.<\/p>\n<p>El cliente se encuentra sujeto a las condiciones generales vigentes en cada uno de los momentos de realizar la contrataci\u00f3n correspondiente, no siendo posible la contrataci\u00f3n de servicio alguno sin la previa aceptaci\u00f3n de las presentes condiciones generales de contrataci\u00f3n.<\/p>\n<ul>\n<li>En la presente web podr\u00e1 adquirir productos o servicios reflejados en cada p\u00e1gina de ventas.<\/li>\n<li>Para proceder al pago, el cliente tiene a su disposici\u00f3n los siguientes medios: Mercado Pago (dinero en cuenta, tarjetas de cr\u00e9dito y d\u00e9bito) o PayPal (dinero en cuenta, tarjetas de cr\u00e9dito y d\u00e9bito); el usuario deber\u00e1 proporcionar el nombre del titular de la tarjeta, el n\u00famero, la fecha de caducidad y el CVV.<\/li>\n<li>Toda la informaci\u00f3n ser\u00e1 tramitada a trav\u00e9s de una pasarela de pagos externa a\u00a0GUILLERMO ALEJANDRO DEQUELLI denominada Mercado Pago, pudiendo obtener m\u00e1s informaci\u00f3n visitando su p\u00e1gina web<span>\u00a0<\/span><a href=\"http:\/\/mercadopago.com.ar\/\" target=\"_blank\" rel=\"noopener\">http:\/\/mercadopago.com.ar\/<\/a>\u00a0o a trav\u00e9s de Paypal, pudiendo obtener toda la informaci\u00f3n necesaria en<span>\u00a0<\/span><a href=\"https:\/\/www.paypal.com\/es\/home\" target=\"_blank\" rel=\"noopener\">https:\/\/www.paypal.com\/es\/home<\/a><\/li>\n<li>Para proceder al pago, normalmente ser\u00e1s redirigido a un carrito donde se te solicitar\u00e1n los datos necesarios.<\/li>\n<li>Ninguna compra ser\u00e1 reembolsada. A menos que\u00a0GUILLERMO ALEJANDRO DEQUELLI lo decida.<\/li>\n<\/ul>\n<h3>11. LEY APLICABLE Y JURISDICCI\u00d3N<\/h3>\n<p>La relaci\u00f3n entre\u00a0GUILLERMO ALEJANDRO DEQUELLI y el CLIENTE se regir\u00e1 por la normativa de Argentina y cualquier controversia se someter\u00e1 a los Juzgados y tribunales correspondientes, salvo que la Ley aplicable disponga otra cosa.<\/p>\n<h3><strong>12. CAUSAS DE DISOLUCI\u00d3N DE LA COMPRA<\/strong><\/h3>\n<p>La disoluci\u00f3n del contrato puede ocurrir en cualquier momento por cualquiera de las dos partes.\u00a0No est\u00e1s obligado a condiciones de permanencia con\u00a0GUILLERMO ALEJANDRO DEQUELLI si no est\u00e1s satisfecho con nuestro servicio.<\/p>\n<p><strong>GUILLERMO ALEJANDRO DEQUELLI\u00a0puede terminar o suspender cualquier y todos los servicios contratados inmediatamente, sin previo aviso o responsabilidad, en caso de que t\u00fa no cumplas con las condiciones aqu\u00ed expuestas.<\/strong><\/p>\n<p>A la disoluci\u00f3n del contrato, tu derecho a utilizar los Servicios cesar\u00e1 inmediatamente.<\/p>\n<p>Ser\u00e1n causas de disoluci\u00f3n de contrato:<\/p>\n<ul>\n<li>La falsedad, en todo o en parte, de los datos suministrados en el proceso de contrataci\u00f3n de cualquier servicio.<\/li>\n<li>Alterar, eludir, realizar ingenier\u00eda inversa, descompilar, desmontar o alterar de ning\u00fan modo de la tecnolog\u00eda de seguridad aportada por GUILLERMO ALEJANDRO DEQUELLI.<\/li>\n<li>Los casos de abuso de los servicios de soporte por el requerimiento de m\u00e1s horas de las establecidas en el contrato.<\/li>\n<li>Opiniones falsas e infundadas con \u00e1nimo de desprestigiar al titular de los productos o servicios adquiridos.<\/li>\n<li>Dirigirse al equipo de atenci\u00f3n al alumno con insultos, violencia, agresividad o amenazas.<\/li>\n<li>Cualquier incumplimiento establecido a lo largo de las condiciones.<\/li>\n<li>La disoluci\u00f3n implica la p\u00e9rdida de sus derechos sobre el servicio contratado.<\/li>\n<\/ul>\n<h3><strong>13. Pol\u00edticas de reembolsos<\/strong><\/h3>\n<p class=\"wysiwyg-text-align-justify\">\n<p>En caso el curso no cumpla con tus expectativas, y deseas solicitar un reembolso, tenemos las siguientes opciones para ti:<\/p>\n<ol>\n<li>La devoluci\u00f3n ser\u00e1 al\u00a0<strong>100%<\/strong>\u00a0siempre y cuando hayas realizado la compra en un lapso\u00a0<strong>no mayor a 10 d\u00edas<\/strong>\u00a0calendario\u00a0<strong>anteriores a tu solicitud de devoluci\u00f3n<\/strong>\u00a0y el progreso de las clases sea\u00a0<strong>mayor al 5% y\u00a0menor al 15%.<\/strong><\/li>\n<li>La devoluci\u00f3n ser\u00e1 al\u00a0<strong>70%\u00a0<\/strong>si tu compra fue en un lapso menor o igual a 10 d\u00edas y tu progreso de las clases supera<span>\u00a0<\/span><strong>el 15%<\/strong>.<\/li>\n<li>En caso de\u00a0<strong>superar el 15% de progreso<\/strong>\u00a0de tu curso, podemos ayudarte con un cambio* (solo se puede hacer el cambio por\u00a0<strong>\u00fanica vez<\/strong>).<\/li>\n<\/ol>\n<p class=\"wysiwyg-text-align-justify\"><strong>Otras condiciones:<\/strong><\/p>\n<ul>\n<li><em>En caso de emitir el reembolso total o parcial, el estudiante pierde el acceso al curso.\u00a0<\/em><\/li>\n<li><em>No podr\u00e1s recibir un reembolso si ya obtuviste un certificado del curso, si el curso est\u00e1 al 15% de completo o si rendiste el examen final.\u00a0<\/em><\/li>\n<\/ul>\n<p class=\"wysiwyg-text-align-justify\"><strong>\u201c\u00bfEn cu\u00e1nto tiempo ver\u00e9 el reembolso en mi cuenta?\u201d<\/strong><\/p>\n<p class=\"wysiwyg-text-align-justify\">Si tu solicitud de reembolso cumple con todos los requisitos, realizaremos el proceso de inmediato; sin embargo, esto puede tomar un tiempo extra para reflejarse en tu cuenta:<\/p>\n<ul>\n<li><strong>Tarjeta de cr\u00e9dito\/d\u00e9bito<\/strong>:\u00a0de\u00a0<strong>10 a 15 d\u00edas h\u00e1biles<\/strong>, dependiendo de tu banco.<\/li>\n<li><strong>Paypal<\/strong>:\u00a0<strong>30 d\u00edas h\u00e1biles<\/strong>, dependiendo de tu banco.<\/li>\n<li>Los\u00a0<strong>reembolsos se realizan en la misma moneda en la que se realiz\u00f3 el cobro<\/strong>\u00a0inicial en nuestro sistema.<\/li>\n<\/ul>\n<p class=\"wysiwyg-text-align-justify\">Esperamos que no llegues a tener ning\u00fan inconveniente, pero si es as\u00ed, solo env\u00edanos un email a contacto<b>@marketingdigitalprofesional.com<\/b><span>\u00a0<\/span>con los siguientes detalles:<\/p>\n<ul>\n<li><strong>Reembolso<\/strong>\u00a0como asunto del email.<\/li>\n<li>Correo de registro y\/o compra.<\/li>\n<li>Nombre del producto.<\/li>\n<li>Motivo de la solicitud.<\/li>\n<\/ul>\n<h3 class=\"wp-block-heading\"><strong>Pol\u00edticas de cambios de cursos<\/strong><\/h3>\n<p class=\"wysiwyg-text-align-justify\">En caso el curso no cumpla con tus expectativas podr\u00e1 solicitar un cambio de curso siempre que se encuentre dentro del plazo de<span>\u00a0<\/span><strong>10 d\u00edas<\/strong><span>\u00a0<\/span>desde el momento de la compra.<\/p>\n<p class=\"wysiwyg-text-align-justify\">Para gestionarlo, solo env\u00edanos un email a\u00a0<b>contacto@marketingdigitalprofesional.com<\/b>\u00a0con los siguientes detalles:<\/p>\n<ul>\n<li>El email que utilizas en esta web.<\/li>\n<li>El nombre exacto del curso que quieres cambiar.<\/li>\n<li>El nombre exacto del curso que quieres recibir a cambio.<\/li>\n<li>El motivo por el cual deseas cambiar de curso.<\/li>\n<\/ul>\n<p class=\"wysiwyg-text-align-justify\"><strong>Es muy importante que nos facilites toda esta informaci\u00f3n<\/strong>\u00a0ya que ser\u00e1 m\u00e1s f\u00e1cil y \u00e1gil para nosotros proceder con tu solicitud y por tu parte estar\u00e1s disfrutando de tu nuevo curso lo m\u00e1s pronto posible. Tambi\u00e9n, aseg\u00farate de elegir el curso correcto, pues solo se puede hacer el cambio una vez.<\/p>\n<p class=\"wysiwyg-text-align-justify\"><strong>Excepciones a tener en cuenta para la realizaci\u00f3n de un cambio:<\/strong><\/p>\n<ul>\n<li>No podr\u00e1s cambiar un curso si ya obtuviste un certificado del curso, si el progreso del curso iguala o supera el 15% o si rendiste el examen final.<\/li>\n<li>\u00danicamente se puede hacer un cambio individual de un curso por otro.\u00a0 No es posible cambiar un curso por dos o m\u00e1s cursos.<\/li>\n<\/ul>\n<\/div>\n<p>[\/et_pb_text][\/et_pb_column][\/et_pb_row][\/et_pb_section]<\/p>\n","protected":false},"excerpt":{"rendered":"<p>[et_pb_section fb_built=&#8221;1&#8243; _builder_version=&#8221;4.4.2&#8243;][et_pb_row _builder_version=&#8221;4.4.2&#8243;][et_pb_column _builder_version=&#8221;4.4.2&#8243; type=&#8221;4_4&#8243;][et_pb_text _builder_version=&#8221;4.4.2&#8243; hover_enabled=&#8221;0&#8243;] Aviso Legal y T\u00e9rminos de uso del sitio 1. AVISO LEGAL Y T\u00c9RMINOS DE USO 1.1. DATOS IDENTIFICATIVOS DEL RESPONSABLE Tal y como recoge la normativa vigente, le informo que: Mi denominaci\u00f3n social es: Guillermo Alejandro Dequelli Mi domicilio social se encuentra en Urquiza 843, Rosario, Santa [&hellip;]<\/p>\n","protected":false},"author":1,"featured_media":0,"parent":0,"menu_order":0,"comment_status":"closed","ping_status":"closed","template":"","meta":{"_et_pb_use_builder":"on","_et_pb_old_content":"","_et_gb_content_width":"","om_disable_all_campaigns":false,"_monsterinsights_skip_tracking":false,"_monsterinsights_sitenote_active":false,"_monsterinsights_sitenote_note":"","_monsterinsights_sitenote_category":0,"footnotes":""},"class_list":["post-1048","page","type-page","status-publish","hentry"],"aioseo_notices":[],"yoast_head":"<!-- This site is optimized with the Yoast SEO Premium plugin v22.7 (Yoast SEO v27.0) - https:\/\/yoast.com\/product\/yoast-seo-premium-wordpress\/ -->\n<title>Aviso Legal y T\u00e9rminos de uso del sitio - Marketing Digital Profesional<\/title>\n<meta name=\"robots\" content=\"index, follow, max-snippet:-1, max-image-preview:large, max-video-preview:-1\" \/>\n<link rel=\"canonical\" href=\"https:\/\/marketingdigitalprofesional.com\/?page_id=1048\" \/>\n<meta property=\"og:locale\" content=\"es_ES\" \/>\n<meta property=\"og:type\" content=\"article\" \/>\n<meta property=\"og:title\" content=\"Aviso Legal y T\u00e9rminos de uso del sitio\" \/>\n<meta property=\"og:description\" content=\"[et_pb_section fb_built=&#8221;1&#8243; _builder_version=&#8221;4.4.2&#8243;][et_pb_row _builder_version=&#8221;4.4.2&#8243;][et_pb_column _builder_version=&#8221;4.4.2&#8243; type=&#8221;4_4&#8243;][et_pb_text _builder_version=&#8221;4.4.2&#8243; hover_enabled=&#8221;0&#8243;] Aviso Legal y T\u00e9rminos de uso del sitio 1. AVISO LEGAL Y T\u00c9RMINOS DE USO 1.1. DATOS IDENTIFICATIVOS DEL RESPONSABLE Tal y como recoge la normativa vigente, le informo que: Mi denominaci\u00f3n social es: Guillermo Alejandro Dequelli Mi domicilio social se encuentra en Urquiza 843, Rosario, Santa [&hellip;]\" \/>\n<meta property=\"og:url\" content=\"https:\/\/marketingdigitalprofesional.com\/?page_id=1048\" \/>\n<meta property=\"og:site_name\" content=\"Marketing Digital Profesional\" \/>\n<meta property=\"article:modified_time\" content=\"2023-09-25T00:39:34+00:00\" \/>\n<meta name=\"twitter:card\" content=\"summary_large_image\" \/>\n<script type=\"application\/ld+json\" class=\"yoast-schema-graph\">{\"@context\":\"https:\/\/schema.org\",\"@graph\":[{\"@type\":\"WebPage\",\"@id\":\"https:\/\/marketingdigitalprofesional.com\/?page_id=1048\",\"url\":\"https:\/\/marketingdigitalprofesional.com\/?page_id=1048\",\"name\":\"Aviso Legal y T\u00e9rminos de uso del sitio - Marketing Digital Profesional\",\"isPartOf\":{\"@id\":\"https:\/\/marketingdigitalprofesional.com\/#website\"},\"datePublished\":\"2023-06-28T16:24:51+00:00\",\"dateModified\":\"2023-09-25T00:39:34+00:00\",\"breadcrumb\":{\"@id\":\"https:\/\/marketingdigitalprofesional.com\/?page_id=1048#breadcrumb\"},\"inLanguage\":\"es-AR\",\"potentialAction\":[{\"@type\":\"ReadAction\",\"target\":[\"https:\/\/marketingdigitalprofesional.com\/?page_id=1048\"]}]},{\"@type\":\"BreadcrumbList\",\"@id\":\"https:\/\/marketingdigitalprofesional.com\/?page_id=1048#breadcrumb\",\"itemListElement\":[{\"@type\":\"ListItem\",\"position\":1,\"name\":\"Home\",\"item\":\"https:\/\/marketingdigitalprofesional.com\/\"},{\"@type\":\"ListItem\",\"position\":2,\"name\":\"Aviso Legal y T\u00e9rminos de uso del sitio\"}]},{\"@type\":\"WebSite\",\"@id\":\"https:\/\/marketingdigitalprofesional.com\/#website\",\"url\":\"https:\/\/marketingdigitalprofesional.com\/\",\"name\":\"Marketing Digital Profesional\",\"description\":\"Publicidad Profesional\",\"publisher\":{\"@id\":\"https:\/\/marketingdigitalprofesional.com\/#organization\"},\"potentialAction\":[{\"@type\":\"SearchAction\",\"target\":{\"@type\":\"EntryPoint\",\"urlTemplate\":\"https:\/\/marketingdigitalprofesional.com\/?s={search_term_string}\"},\"query-input\":{\"@type\":\"PropertyValueSpecification\",\"valueRequired\":true,\"valueName\":\"search_term_string\"}}],\"inLanguage\":\"es-AR\"},{\"@type\":\"Organization\",\"@id\":\"https:\/\/marketingdigitalprofesional.com\/#organization\",\"name\":\"Marketing Digital Profesional\",\"url\":\"https:\/\/marketingdigitalprofesional.com\/\",\"logo\":{\"@type\":\"ImageObject\",\"inLanguage\":\"es-AR\",\"@id\":\"https:\/\/marketingdigitalprofesional.com\/#\/schema\/logo\/image\/\",\"url\":\"https:\/\/marketingdigitalprofesional.com\/wp-content\/uploads\/2021\/01\/Diseno-sin-titulo-39-1.png\",\"contentUrl\":\"https:\/\/marketingdigitalprofesional.com\/wp-content\/uploads\/2021\/01\/Diseno-sin-titulo-39-1.png\",\"width\":500,\"height\":500,\"caption\":\"Marketing Digital Profesional\"},\"image\":{\"@id\":\"https:\/\/marketingdigitalprofesional.com\/#\/schema\/logo\/image\/\"}}]}<\/script>\n<!-- \/ Yoast SEO Premium plugin. -->","yoast_head_json":{"title":"Aviso Legal y T\u00e9rminos de uso del sitio - Marketing Digital Profesional","robots":{"index":"index","follow":"follow","max-snippet":"max-snippet:-1","max-image-preview":"max-image-preview:large","max-video-preview":"max-video-preview:-1"},"canonical":"https:\/\/marketingdigitalprofesional.com\/?page_id=1048","og_locale":"es_ES","og_type":"article","og_title":"Aviso Legal y T\u00e9rminos de uso del sitio","og_description":"[et_pb_section fb_built=&#8221;1&#8243; _builder_version=&#8221;4.4.2&#8243;][et_pb_row _builder_version=&#8221;4.4.2&#8243;][et_pb_column _builder_version=&#8221;4.4.2&#8243; type=&#8221;4_4&#8243;][et_pb_text _builder_version=&#8221;4.4.2&#8243; hover_enabled=&#8221;0&#8243;] Aviso Legal y T\u00e9rminos de uso del sitio 1. AVISO LEGAL Y T\u00c9RMINOS DE USO 1.1. DATOS IDENTIFICATIVOS DEL RESPONSABLE Tal y como recoge la normativa vigente, le informo que: Mi denominaci\u00f3n social es: Guillermo Alejandro Dequelli Mi domicilio social se encuentra en Urquiza 843, Rosario, Santa [&hellip;]","og_url":"https:\/\/marketingdigitalprofesional.com\/?page_id=1048","og_site_name":"Marketing Digital Profesional","article_modified_time":"2023-09-25T00:39:34+00:00","twitter_card":"summary_large_image","schema":{"@context":"https:\/\/schema.org","@graph":[{"@type":"WebPage","@id":"https:\/\/marketingdigitalprofesional.com\/?page_id=1048","url":"https:\/\/marketingdigitalprofesional.com\/?page_id=1048","name":"Aviso Legal y T\u00e9rminos de uso del sitio - Marketing Digital Profesional","isPartOf":{"@id":"https:\/\/marketingdigitalprofesional.com\/#website"},"datePublished":"2023-06-28T16:24:51+00:00","dateModified":"2023-09-25T00:39:34+00:00","breadcrumb":{"@id":"https:\/\/marketingdigitalprofesional.com\/?page_id=1048#breadcrumb"},"inLanguage":"es-AR","potentialAction":[{"@type":"ReadAction","target":["https:\/\/marketingdigitalprofesional.com\/?page_id=1048"]}]},{"@type":"BreadcrumbList","@id":"https:\/\/marketingdigitalprofesional.com\/?page_id=1048#breadcrumb","itemListElement":[{"@type":"ListItem","position":1,"name":"Home","item":"https:\/\/marketingdigitalprofesional.com\/"},{"@type":"ListItem","position":2,"name":"Aviso Legal y T\u00e9rminos de uso del sitio"}]},{"@type":"WebSite","@id":"https:\/\/marketingdigitalprofesional.com\/#website","url":"https:\/\/marketingdigitalprofesional.com\/","name":"Marketing Digital Profesional","description":"Publicidad Profesional","publisher":{"@id":"https:\/\/marketingdigitalprofesional.com\/#organization"},"potentialAction":[{"@type":"SearchAction","target":{"@type":"EntryPoint","urlTemplate":"https:\/\/marketingdigitalprofesional.com\/?s={search_term_string}"},"query-input":{"@type":"PropertyValueSpecification","valueRequired":true,"valueName":"search_term_string"}}],"inLanguage":"es-AR"},{"@type":"Organization","@id":"https:\/\/marketingdigitalprofesional.com\/#organization","name":"Marketing Digital Profesional","url":"https:\/\/marketingdigitalprofesional.com\/","logo":{"@type":"ImageObject","inLanguage":"es-AR","@id":"https:\/\/marketingdigitalprofesional.com\/#\/schema\/logo\/image\/","url":"https:\/\/marketingdigitalprofesional.com\/wp-content\/uploads\/2021\/01\/Diseno-sin-titulo-39-1.png","contentUrl":"https:\/\/marketingdigitalprofesional.com\/wp-content\/uploads\/2021\/01\/Diseno-sin-titulo-39-1.png","width":500,"height":500,"caption":"Marketing Digital Profesional"},"image":{"@id":"https:\/\/marketingdigitalprofesional.com\/#\/schema\/logo\/image\/"}}]}},"_links":{"self":[{"href":"https:\/\/marketingdigitalprofesional.com\/index.php?rest_route=\/wp\/v2\/pages\/1048","targetHints":{"allow":["GET"]}}],"collection":[{"href":"https:\/\/marketingdigitalprofesional.com\/index.php?rest_route=\/wp\/v2\/pages"}],"about":[{"href":"https:\/\/marketingdigitalprofesional.com\/index.php?rest_route=\/wp\/v2\/types\/page"}],"author":[{"embeddable":true,"href":"https:\/\/marketingdigitalprofesional.com\/index.php?rest_route=\/wp\/v2\/users\/1"}],"replies":[{"embeddable":true,"href":"https:\/\/marketingdigitalprofesional.com\/index.php?rest_route=%2Fwp%2Fv2%2Fcomments&post=1048"}],"version-history":[{"count":5,"href":"https:\/\/marketingdigitalprofesional.com\/index.php?rest_route=\/wp\/v2\/pages\/1048\/revisions"}],"predecessor-version":[{"id":1055,"href":"https:\/\/marketingdigitalprofesional.com\/index.php?rest_route=\/wp\/v2\/pages\/1048\/revisions\/1055"}],"wp:attachment":[{"href":"https:\/\/marketingdigitalprofesional.com\/index.php?rest_route=%2Fwp%2Fv2%2Fmedia&parent=1048"}],"curies":[{"name":"wp","href":"https:\/\/api.w.org\/{rel}","templated":true}]}}